{"id":82,"date":"2020-01-04T21:51:21","date_gmt":"2020-01-04T20:51:21","guid":{"rendered":"http:\/\/4lo.kielce.eu\/?page_id=82"},"modified":"2020-01-04T21:51:21","modified_gmt":"2020-01-04T20:51:21","slug":"rekrutacja-2019","status":"publish","type":"page","link":"https:\/\/4lo.kielce.eu\/index.php\/rekrutacja-2019\/","title":{"rendered":"Rekrutacja 2019"},"content":{"rendered":"\n<div class=\"wp-block-image\"><figure class=\"aligncenter\"><img decoding=\"async\" src=\"http:\/\/4lo.edu.pl\/biblioteka\/rok4\/logo.jpg\" alt=\"\"\/><\/figure><\/div>\n\n\n\n<p><strong><em><a href=\"http:\/\/4lo.edu.pl\/tekst\/promocja\">Dlaczego IV LO?<\/a><\/em><\/strong><\/p>\n\n\n\n<p><strong><em>&#8222;IV Liceum Og\u00f3lnokszta\u0142c\u0105ce-<br>oknem na \u015bwiat&#8221;<\/em><\/strong><\/p>\n\n\n\n<p><strong>Zasady i kryteria rekrutacji obowi\u0105zuj\u0105ce kandydat\u00f3w<\/strong><\/p>\n\n\n\n<p><strong>do IV Liceum Og\u00f3lnokszta\u0142c\u0105cego w Kielcach<br><\/strong><\/p>\n\n\n\n<p><strong>w roku szkolnym 2019\/2020<\/strong><\/p>\n\n\n\n<p>Oferta edukacyjna IV Liceum Og\u00f3lnokszta\u0142c\u0105cego w Kielcach w roku szkolnym 2019\/2020<\/p>\n\n\n\n<p>planowane oddzia\u0142y, przedmioty realizowane na poziomie rozszerzonym &nbsp;<\/p>\n\n\n\n<p>oraz przedmioty punktowane w trakcie rekrutacji.<\/p>\n\n\n\n<p><strong>W roku szkolnym 2019\/2020 zostanie utworzonych 12 oddzia\u0142\u00f3w, z czego:<\/strong>&nbsp;&nbsp;<\/p>\n\n\n\n<p><strong>6 dla absolwent\u00f3w szko\u0142y podstawowej ( 1A, 1B, 1C, 1D, 1E, 1F)&nbsp;<\/strong><\/p>\n\n\n\n<p><strong>6 dla absolwent\u00f3w gimnazjum (1Ag, 1Bg, 1Cg, 1Dg, 1Eg, 1Fg)<\/strong><\/p>\n\n\n\n<table class=\"wp-block-table\"><tbody><tr><td>\n<strong>Oddzia\u0142<\/strong>\n<\/td><td>\n<strong>Przedmioty \t\t\t realizowane w zakresie rozszerzonym <\/strong>\n<\/td><td>\n<strong>Planowane \t\t\tj\u0119zyki obce<\/strong>\n<\/td><td>\n<strong>Przedmioty \t\t\tpunktowane<\/strong>\n<\/td><\/tr><tr><td>\n&nbsp;\n<strong>1 \t\t\tA<\/strong>\n<strong>1Ag<\/strong>\n<\/td><td>\n&nbsp;\n<strong>matematyka, fizyka, \t\t\tinformatyka<\/strong>\n&nbsp;\n<\/td><td>\n&nbsp;\n<strong>I. j.&nbsp;angielski<\/strong>\n<strong>II.<\/strong><strong>j.&nbsp;<\/strong><strong>niemiecki <\/strong>\n<\/td><td>\n<strong>j. \t\t\tpolski<\/strong>\n<strong>matematyka<\/strong>\n<strong>fizyka<\/strong>\n<strong>informatyka<\/strong>\n<\/td><\/tr><tr><td>\n&nbsp;\n<strong>1 \t\t\tB<\/strong>\n<strong>1Bg<\/strong>\n<\/td><td>\n&nbsp;\n<strong>matematyka, \t\t\tgeografia,<br> j\u0119zyk angielski<\/strong>\n<\/td><td>\n&nbsp;\n<strong>I. \t\t\tj. &nbsp;angielski<\/strong>\n<strong>II. <\/strong><strong>j. niemiecki <\/strong>\n<\/td><td>\n<strong>j. \t\t\tpolski<\/strong>\n<strong>matematyka<\/strong>\n<strong>j. \t\t\tangielski<\/strong>\n<strong>geografia <\/strong>\n<\/td><\/tr><tr><td>\n&nbsp;\n<strong>1C<\/strong>\n<strong>1Cg<\/strong>\n<\/td><td>\n&nbsp;\n<strong>geografia, \t\t\twiedza o spo\u0142ecze\u0144stwie, j\u0119zyk angielski<\/strong>\n<\/td><td>\n&nbsp;\n<strong>I. \t\t\tj. &nbsp;angielski<\/strong>\n<strong>II. <\/strong><strong>j. hiszpa\u0144ski <\/strong>\n<\/td><td>\n<strong>j. \t\t\tpolski<\/strong>\n<strong>matematyka<\/strong>\n<strong>j. \t\t\tangielski<\/strong>\n<strong>wos lub geografia *<\/strong>\n<\/td><\/tr><tr><td>\n&nbsp;\n<strong>1D<\/strong>\n<strong>1Dg<\/strong>\n<\/td><td>\n\n&nbsp;\n<strong>biologia, \t\t\tchemia<\/strong>\n<\/td><td>\n&nbsp;\n<strong>I. \t\t\tj. &nbsp;angielski<\/strong>\n<strong>II. <\/strong><strong>j. niemiecki <\/strong>\n<\/td><td>\n<strong>j. \t\t\tpolski<\/strong>\n<strong>matematyka<\/strong>\n<strong>biologia<\/strong>\n<strong>chemia<\/strong>\n<\/td><\/tr><tr><td>\n&nbsp;\n<strong>1E<\/strong>\n<strong>1Eg<\/strong>\n<\/td><td>\n\n&nbsp;\n<strong>biologia, \t\t\tchemia<\/strong>\n<\/td><td>\n&nbsp;\n<strong>I. \t\t\tj. &nbsp;angielski<\/strong>\n<strong>II. <\/strong><strong>j. niemiecki <\/strong>\n<\/td><td>\n<strong>j. \t\t\tpolski<\/strong>\n<strong>matematyka<\/strong>\n<strong>biologia<\/strong>\n<strong>chemia<\/strong>\n<\/td><\/tr><tr><td>\n&nbsp;\n<strong>1F<\/strong>\n<strong>1Fg<\/strong>\n<\/td><td>\n\n&nbsp;\n<strong>j\u0119zyk \t\t\tpolski, historia, <\/strong>\n<strong>wiedza \t\t\to spo\u0142ecze\u0144stwie<\/strong>\n<\/td><td>\n&nbsp;\n<strong>I. \t\t\tj. &nbsp;angielski<\/strong>\n<strong>II. <\/strong><strong>j. niemiecki <\/strong>\n<\/td><td>\n<strong>j. \t\t\tpolski<\/strong>\n<strong>matematyka<\/strong>\n<strong>wos<\/strong>\n<strong>historia <\/strong>\n<\/td><\/tr><\/tbody><\/table>\n\n\n\n<p><strong>*&nbsp;brana jest pod uwag\u0119 wy\u017csza ocena<\/strong><\/p>\n\n\n\n<p>1. Nab\u00f3r do IV Liceum Og\u00f3lnokszta\u0142c\u0105cego prowadzony b\u0119dzie elektronicznie.<\/p>\n\n\n\n<p>2. Absolwenci gimnazj\u00f3w i szk\u00f3\u0142 podstawowych mog\u0105 wybra\u0107 dowoln\u0105 liczb\u0119 szk\u00f3\u0142 i klas w tych szko\u0142ach tworz\u0105c list\u0119 preferencji.<\/p>\n\n\n\n<p><strong>3.\n Kandydat drukuje z systemu 2 egzemplarze wniosk\u00f3w i zanosi je do szko\u0142y\n pierwszego wyboru. Szko\u0142a potwierdza z\u0142o\u017cenie wniosku na drugim \negzemplarzu.<\/strong><\/p>\n\n\n\n<p><strong>Aby Kandydat m\u00f3g\u0142 wprowadza\u0107 oceny w terminie od 19czerwca\n 2019 godzina 08:00 do 25 czerwca 2019 godzina 15:00 powinien dostarczy\u0107\n wniosek do szko\u0142y pierwszego wyboru, a jego status w Systemie powinien \nby\u0107 \u201ezaakceptowany\u201d<br><\/strong><\/p>\n\n\n\n<p>4. W post\u0119powaniu rekrutacyjnym Kandydaci, kt\u00f3rzy wskazali IV Liceum Og\u00f3lnokszta\u0142c\u0105ce &nbsp;<br>w Kielcach jako szko\u0142\u0119 pierwszego wyboru, sk\u0142adaj\u0105 we wskazanych terminach wniosek&nbsp; &nbsp;<br>o\n przyj\u0119cie, kopi\u0119 \u015bwiadectwa uko\u0144czenia szko\u0142y i za\u015bwiadczenia o \nwynikach egzaminu potwierdzone przez dyrektora szko\u0142y, kt\u00f3r\u0105 kandydat \nuko\u0144czy\u0142 oraz w\u0142a\u015bciwe o\u015bwiadczenia <br>i orzeczenia.<\/p>\n\n\n\n<p>5.\n W przypadku gdy kandydat znajdzie si\u0119 na li\u015bcie zakwalifikowanych do IV\n Liceum Og\u00f3lnokszta\u0142c\u0105cego w Kielcach, potwierdzeniem woli przyj\u0119cia \njest z\u0142o\u017cenie orygina\u0142u \u015bwiadectwa uko\u0144czenia szko\u0142y i za\u015bwiadczenia o \nwynikach egzaminu oraz wniosku o przyj\u0119cie, wydrukowanego z systemu \nnaboru, je\u015bli kandydat nie wskaza\u0142 IV Liceum Og\u00f3lnokszta\u0142c\u0105cego <br>w Kielcach jako szko\u0142y pierwszego wyboru.&nbsp;<\/p>\n\n\n\n<p><br>6. Niez\u0142o\u017cenie w\u0142a\u015bciwych dokument\u00f3w w wyznaczonych terminach oznacza rezygnacj\u0119 <br>z ubiegania si\u0119 o miejsce w IV Liceum Og\u00f3lnokszta\u0142c\u0105cym w Kielcach.<\/p>\n\n\n\n<table class=\"wp-block-table\"><tbody><tr><td>\n<strong>Lp<\/strong>\n<\/td><td>\n<strong>Rodzaj czynno\u015bci<\/strong>\n<\/td><td>\n<strong>Termin&nbsp;w&nbsp;post\u0119powaniu rekrutacyjnym<\/strong>\n<\/td><td>\n<strong>Termin&nbsp;w&nbsp;post\u0119powaniu uzupe\u0142niaj\u0105cym<\/strong>\n<\/td><\/tr><tr><td>\n&nbsp;\n<strong>1<\/strong>\n<\/td><td>\n<strong>Z\u0142o\u017cenie wniosku\n o&nbsp;przyj\u0119cie do IV LO&nbsp;w&nbsp;Kielcach wraz z&nbsp;dokumentami potwierdzaj\u0105cymi \nspe\u0142nianie przez kandydata warunk\u00f3w lub kryteri\u00f3w branych pod uwag\u0119 \n&nbsp;w&nbsp;post\u0119powaniu rekrutacyjnym.<\/strong>\n<\/td><td>\n&nbsp;\n<strong>od 13.05.19r.<\/strong>\n<strong>&nbsp;<\/strong><strong>do 25.06.19r.&nbsp;<\/strong>\n<strong>&nbsp;<\/strong>do godz.15<sup>00<\/sup>\n<\/td><td>\n&nbsp;\n<strong>od 26.07.19r.<\/strong>\n<strong>do 30.07.19r.<\/strong>\ndo godz.15<sup>00<\/sup>\n<\/td><\/tr><tr><td>\n&nbsp;\n<strong>2<\/strong>\n<\/td><td>\n<strong>&nbsp;Uzupe\u0142nienie wniosku o&nbsp;przyj\u0119cie do <\/strong><strong>IV LO w&nbsp;Kielcach o&nbsp;kopi\u0119 \u015bwiadectwa uko\u0144czenia gimnazjum oraz kopi\u0119 za\u015bwiadczenia o&nbsp;wynikach egzaminu gimnazjalnego.<\/strong>\n<\/td><td>\n&nbsp;\n<strong>od 19.06.19r.<\/strong>\n<strong>&nbsp;<\/strong><strong>do 25.06.19r.<\/strong>\ndo godz.15.<sup>00<\/sup>\n<\/td><td>\n&nbsp;\n&nbsp;\n&#8212;&#8212;&#8212;&#8212;&#8212;&#8212;&#8212;&#8212;&#8212;&#8212;&#8212;&#8211;\n<\/td><\/tr><tr><td>\n&nbsp;\n<strong>3<\/strong>\n<\/td><td>\n<strong>Podanie do publicznej wiadomo\u015bci przez komisj\u0119 rekrutacyjn\u0105 listy kandydat\u00f3w zakwalifikowanych&nbsp;<\/strong><strong>do IV LO w Kielcach&nbsp; &nbsp;i&nbsp;kandydat\u00f3w niezakwalifikowanych.<\/strong>\n<\/td><td>\n&nbsp;\n\n<strong>16.07.19r.<\/strong>\n<\/td><td>\n&nbsp;\n&nbsp;\n<strong>21.08.19r.<\/strong>\n<\/td><\/tr><tr><td>\n&nbsp;\n<strong>4<\/strong>\n<\/td><td>\n\n<strong>Potwierdzenie przez rodzica kandydata woli przyj\u0119cia w&nbsp;postaci przed\u0142o\u017cenia orygina\u0142u \u015bwiadectwa uko\u0144czenia gimnazjum i&nbsp;orygina\u0142u za\u015bwiadczenia o&nbsp;wynikach egzaminu gimnazjalnego.<\/strong>\n<\/td><td>\n&nbsp;\n&nbsp;\n<strong>do 24.07.19r.&nbsp;<\/strong>\ndo godz.15<sup>00<\/sup>\n<\/td><td>\n&nbsp;\n&nbsp;\n<strong>do 29.08.19r.<\/strong>\n<\/td><\/tr><tr><td>\n&nbsp;\n<strong>5<\/strong>\n<\/td><td>\n\n<strong>&nbsp;Podanie do publicznej wiadomo\u015bci przez komisj\u0119 rekrutacyjn\u0105 listy kandydat\u00f3w przyj\u0119tych<br>do IV&nbsp;LO w Kielcach&nbsp; &nbsp;i&nbsp;kandydat\u00f3w nieprzyj\u0119tych.<\/strong>\n<\/td><td>\n&nbsp;\n<strong>&nbsp;25.07.19r.<\/strong>\n<\/td><td>\n&nbsp;\n<strong>30.08.19r.<\/strong>\n<\/td><\/tr><\/tbody><\/table>\n\n\n\n<p><strong>INFORMACJE DLA ABSOLWENT\u00d3W SZKO\u0141Y PODSTAWOWEJ<\/strong><\/p>\n\n\n\n<p><strong><a href=\"http:\/\/4lo.edu.pl\/Ajaw\/rekrutacja\/rekrutacja_8klasa_%202019_2020_do%20szatni.pdf\">Zasady i kryteria rekrutacji<\/a><\/strong><\/p>\n\n\n\n<p><strong><a href=\"http:\/\/4lo.edu.pl\/Ajaw\/rekrutacja\/KANDYDAT%20-%20informacja%20o%20naborze%20%281%29.pdf\">Informacja o naborze<\/a><\/strong><\/p>\n\n\n\n<p><strong><a href=\"http:\/\/4lo.edu.pl\/Ajaw\/rekrutacja\/komunikat-swietokrzyskiego-kuratora-oswiaty-zawody-wiedzy-atrystyczne-i-sportowe-wpisywane-na-swiadectwie-ukonczenia-szkoly-podst-i-gimnazjum..pdf\">Komunikat\n \u015awi\u0119tokrzyskiego Kuratora O\u015bwiaty w sprawie wykazu zawod\u00f3w wiedzy, \nartystycznych i sportowych (&#8230;), kt\u00f3re mog\u0105 by\u0107 wymienione na \n\u015bwiadectwie uko\u0144czenia szko\u0142y podstawowej i gimnazjum w roku szkolnym \n2018\/2019<\/a><br><\/strong><\/p>\n\n\n\n<p><strong><a href=\"https:\/\/kuratorium.kielce.pl\/33849\/zarzadzenie-nr-4-2019-swietokrzyskiego-kuratora-oswiaty-z-dnia-29-stycznia-2019-r-w-sprawie-okreslenia-terminow-przeprowadzania-postepowania-rekrutacyjnego-i-postepowania-uzupelniajac\/\">Terminarz rekrutacji i sk\u0142adania dokument\u00f3w okre\u015blony&nbsp;<\/a><a href=\"https:\/\/kuratorium.kielce.pl\/33849\/zarzadzenie-nr-4-2019-swietokrzyskiego-kuratora-oswiaty-z-dnia-29-stycznia-2019-r-w-sprawie-okreslenia-terminow-przeprowadzania-postepowania-rekrutacyjnego-i-postepowania-uzupelniajac\/\">w Zarz\u0105dzeniu nr 4\/2019 \u015awi\u0119tokrzyskiego Kuratora O\u015bwiaty z dnia 29 stycznia 2019r.<\/a><\/strong><\/p>\n\n\n\n<p><strong><a href=\"http:\/\/4lo.edu.pl\/Ajaw\/rozporz%C4%85dzenie%20MEN%2016.03.2017_%C3%B3smoklasista.pdf\">Rozporz\u0105dzenie\n MEN z 16 marca 2017r.&nbsp; w sprawie przeprowadzenia post\u0119powania \nrekrutacyjnego oraz post\u0119powania uzupe\u0142niaj\u0105cego do publicznych \nprzedszkoli, szk\u00f3\u0142 i plac\u00f3wek<\/a><\/strong><\/p>\n\n\n\n<p><strong>INFORMACJE DLA ABSOLWENT\u00d3W GIMNAZJUM<\/strong><\/p>\n\n\n\n<p><strong><a href=\"http:\/\/4lo.edu.pl\/Ajaw\/rekrutacja\/rekrutacja_gimn_1_%202019_2020_do%20szatni.pdf\">Zasady i kryteria rekrutacji<\/a><\/strong><\/p>\n\n\n\n<p><strong><a href=\"http:\/\/4lo.edu.pl\/Ajaw\/rekrutacja\/KANDYDAT%20-%20informacja%20o%20naborze%20%281%29.pdf\">Informacja o naborze<\/a><\/strong><\/p>\n\n\n\n<p><strong><a href=\"http:\/\/4lo.edu.pl\/Ajaw\/rekrutacja\/komunikat-swietokrzyskiego-kuratora-oswiaty-zawody-wiedzy-atrystyczne-i-sportowe-wpisywane-na-swiadectwie-ukonczenia-szkoly-podst-i-gimnazjum..pdf\">Komunikat\n \u015awi\u0119tokrzyskiego Kuratora O\u015bwiaty w sprawie wykazu zawod\u00f3w wiedzy, \nartystycznych i sportowych (&#8230;), kt\u00f3re mog\u0105 by\u0107 wymienione na \n\u015bwiadectwie uko\u0144czenia szko\u0142y podstawowej i gimnazjum w roku szkolnym \n2018\/2019<\/a><\/strong><\/p>\n\n\n\n<p><strong><a href=\"https:\/\/kuratorium.kielce.pl\/33844\/zarzadzenie-nr-3-2019-swietokrzyskiego-kuratora-oswiaty-z-dnia-29-stycznia-2019-r-w-sprawie-okreslenia-terminow-przeprowadzania-postepowania-rekrutacyjnego-i-postepowania-uzupelniajac\/\">Terminarz\n rekrutacji i sk\u0142adania dokument\u00f3w okre\u015blony&nbsp;w Zarz\u0105dzeniu nr 3\/2019 \n\u015awi\u0119tokrzyskiego Kuratora O\u015bwiaty z dnia 29 stycznia 2019r.<\/a><\/strong><\/p>\n\n\n\n<p><strong><a href=\"http:\/\/4lo.edu.pl\/Ajaw\/rozporz%C4%85dzenie%20MEN%2014.03.2017_gimnazjalista.pdf\">Rozporz\u0105dzenie\n MEN z 14 marca 2017r.&nbsp; w sprawie przeprowadzenia post\u0119powania \nrekrutacyjnego oraz post\u0119powania uzupe\u0142niaj\u0105cego do publicznych \nprzedszkoli, szk\u00f3\u0142 i plac\u00f3wek<\/a><\/strong><\/p>\n\n\n\n<p><strong><a href=\"https:\/\/kuratorium.kielce.pl\/31119\/rekrutacja-na-rok-szkolny-2019-2020\/\">Informacja Kuratorium O\u015bwiaty w Kielcach<\/a><\/strong><\/p>\n","protected":false},"excerpt":{"rendered":"<p>Dlaczego IV LO? &#8222;IV Liceum Og\u00f3lnokszta\u0142c\u0105ce-oknem na \u015bwiat&#8221; Zasady i kryteria rekrutacji obowi\u0105zuj\u0105ce kandydat\u00f3w do IV Liceum Og\u00f3lnokszta\u0142c\u0105cego w Kielcach w roku szkolnym 2019\/2020 Oferta edukacyjna IV Liceum Og\u00f3lnokszta\u0142c\u0105cego w&#8230; <\/p>\n","protected":false},"author":1,"featured_media":0,"parent":0,"menu_order":0,"comment_status":"closed","ping_status":"closed","template":"","meta":{"footnotes":""},"class_list":["post-82","page","type-page","status-publish","hentry"],"_links":{"self":[{"href":"https:\/\/4lo.kielce.eu\/index.php\/wp-json\/wp\/v2\/pages\/82","targetHints":{"allow":["GET"]}}],"collection":[{"href":"https:\/\/4lo.kielce.eu\/index.php\/wp-json\/wp\/v2\/pages"}],"about":[{"href":"https:\/\/4lo.kielce.eu\/index.php\/wp-json\/wp\/v2\/types\/page"}],"author":[{"embeddable":true,"href":"https:\/\/4lo.kielce.eu\/index.php\/wp-json\/wp\/v2\/users\/1"}],"replies":[{"embeddable":true,"href":"https:\/\/4lo.kielce.eu\/index.php\/wp-json\/wp\/v2\/comments?post=82"}],"version-history":[{"count":1,"href":"https:\/\/4lo.kielce.eu\/index.php\/wp-json\/wp\/v2\/pages\/82\/revisions"}],"predecessor-version":[{"id":83,"href":"https:\/\/4lo.kielce.eu\/index.php\/wp-json\/wp\/v2\/pages\/82\/revisions\/83"}],"wp:attachment":[{"href":"https:\/\/4lo.kielce.eu\/index.php\/wp-json\/wp\/v2\/media?parent=82"}],"curies":[{"name":"wp","href":"https:\/\/api.w.org\/{rel}","templated":true}]}}