{"id":764,"date":"2020-02-16T18:10:42","date_gmt":"2020-02-16T17:10:42","guid":{"rendered":"http:\/\/4lo.kielce.eu\/?page_id=764"},"modified":"2020-02-16T18:33:07","modified_gmt":"2020-02-16T17:33:07","slug":"rejestr-faktur-i-rachunkow-za-rok-2019","status":"publish","type":"page","link":"https:\/\/4lo.kielce.eu\/index.php\/rejestr-faktur-i-rachunkow\/rejestr-faktur-i-rachunkow-za-rok-2019\/","title":{"rendered":"Rejestr faktur i rachunk\u00f3w za rok 2019"},"content":{"rendered":"\n<p> <a rel=\"noreferrer noopener\" href=\"http:\/\/4lo.kielce.eu\/wp-content\/uploads\/2020\/01\/Rejestr-faktur-i-rachunk\u00f3w-12.2019.pdf\" target=\"_blank\">grudzie\u0144 2019<\/a>   <br> <a rel=\"noreferrer noopener\" href=\"http:\/\/4lo.kielce.eu\/wp-content\/uploads\/2020\/01\/Rejestr-faktur-i-rachunk\u00f3w-11.2019.pdf\" target=\"_blank\">listopad 2019<\/a>   <br> <a rel=\"noreferrer noopener\" href=\"http:\/\/4lo.kielce.eu\/wp-content\/uploads\/2020\/01\/Rejestr-faktur-i-rachunk\u00f3w-Pa\u017adziernik-2019.pdf\" target=\"_blank\">pa\u017adziernik 2019<\/a> <br> <a rel=\"noreferrer noopener\" href=\"http:\/\/4lo.kielce.eu\/wp-content\/uploads\/2020\/01\/Rejestr-faktur-i-rachunk\u00f3w-Wrzesie\u0144-2019.pdf\" target=\"_blank\">wrzesie\u0144 2019<\/a> <br> <a href=\"http:\/\/4lo.kielce.eu\/wp-content\/uploads\/2020\/01\/Rejestr-faktur-i-rachunk\u00f3w-sierpie\u0144-2019.pdf\" target=\"_blank\" rel=\"noreferrer noopener\" aria-label=\"sierpie\u0144 2019  (otwiera si\u0119 na nowej zak\u0142adce)\">sierpie\u0144 2019 <\/a><br> <a rel=\"noreferrer noopener\" href=\"http:\/\/4lo.kielce.eu\/wp-content\/uploads\/2020\/01\/Rejestr-faktur-i-rachunk\u00f3w-Lipiec-2019.pdf\" target=\"_blank\">lipiec 2019<\/a> <br> <a rel=\"noreferrer noopener\" href=\"http:\/\/4lo.kielce.eu\/wp-content\/uploads\/2020\/01\/Rejestr-faktur-i-rachunk\u00f3w-czerwiec-2019.pdf\" target=\"_blank\">czerwiec 2019<\/a> <br> <a rel=\"noreferrer noopener\" href=\"http:\/\/4lo.kielce.eu\/wp-content\/uploads\/2020\/01\/Rejestr-faktur-i-rachunk\u00f3w-maj-2019.pdf\" target=\"_blank\">maj 2019<\/a> <br> <a rel=\"noreferrer noopener\" href=\"http:\/\/4lo.kielce.eu\/wp-content\/uploads\/2020\/01\/Rejestr-faktur-i-rachunk\u00f3w-Kwiecie\u0144-2019.pdf\" target=\"_blank\">kwiecie\u0144 2019<\/a> <br> <a rel=\"noreferrer noopener\" href=\"http:\/\/4lo.kielce.eu\/wp-content\/uploads\/2020\/01\/Rejestr-faktur-i-rachunk\u00f3w-marzec-2019.pdf\" target=\"_blank\">marzec 2019<\/a> <br> <a rel=\"noreferrer noopener\" href=\"http:\/\/4lo.kielce.eu\/wp-content\/uploads\/2020\/01\/Rejestr-faktur-i-rachunk\u00f3w-luty-2019.pdf\" target=\"_blank\">luty 2019<\/a> <br> <a rel=\"noreferrer noopener\" href=\"http:\/\/4lo.kielce.eu\/wp-content\/uploads\/2020\/01\/Rejestr-faktur-i-rachunk\u00f3w-stycze\u0144-2019.pdf\" target=\"_blank\">stycze\u0144 2019<\/a> <br><br><br><\/p>\n\n\n\n<p><\/p>\n","protected":false},"excerpt":{"rendered":"<p>grudzie\u0144 2019 listopad 2019 pa\u017adziernik 2019 wrzesie\u0144 2019 sierpie\u0144 2019 lipiec 2019 czerwiec 2019 maj 2019 kwiecie\u0144 2019 marzec 2019 luty 2019 stycze\u0144 2019<\/p>\n","protected":false},"author":1,"featured_media":0,"parent":73,"menu_order":0,"comment_status":"closed","ping_status":"closed","template":"","meta":{"footnotes":""},"class_list":["post-764","page","type-page","status-publish","hentry"],"_links":{"self":[{"href":"https:\/\/4lo.kielce.eu\/index.php\/wp-json\/wp\/v2\/pages\/764","targetHints":{"allow":["GET"]}}],"collection":[{"href":"https:\/\/4lo.kielce.eu\/index.php\/wp-json\/wp\/v2\/pages"}],"about":[{"href":"https:\/\/4lo.kielce.eu\/index.php\/wp-json\/wp\/v2\/types\/page"}],"author":[{"embeddable":true,"href":"https:\/\/4lo.kielce.eu\/index.php\/wp-json\/wp\/v2\/users\/1"}],"replies":[{"embeddable":true,"href":"https:\/\/4lo.kielce.eu\/index.php\/wp-json\/wp\/v2\/comments?post=764"}],"version-history":[{"count":2,"href":"https:\/\/4lo.kielce.eu\/index.php\/wp-json\/wp\/v2\/pages\/764\/revisions"}],"predecessor-version":[{"id":769,"href":"https:\/\/4lo.kielce.eu\/index.php\/wp-json\/wp\/v2\/pages\/764\/revisions\/769"}],"up":[{"embeddable":true,"href":"https:\/\/4lo.kielce.eu\/index.php\/wp-json\/wp\/v2\/pages\/73"}],"wp:attachment":[{"href":"https:\/\/4lo.kielce.eu\/index.php\/wp-json\/wp\/v2\/media?parent=764"}],"curies":[{"name":"wp","href":"https:\/\/api.w.org\/{rel}","templated":true}]}}